{"id":11382,"date":"2024-04-04T11:23:12","date_gmt":"2024-04-04T09:23:12","guid":{"rendered":"https:\/\/www.widem.eu\/nachrichten\/presse\/"},"modified":"2025-12-05T14:48:18","modified_gmt":"2025-12-05T13:48:18","slug":"presse","status":"publish","type":"page","link":"https:\/\/www.widem.eu\/de\/nachrichten\/presse\/","title":{"rendered":"Presse"},"content":{"rendered":"<p><div class=\"fusion-fullwidth fullwidth-box fusion-builder-row-1 fusion-flex-container has-pattern-background has-mask-background fusion-parallax-none nonhundred-percent-fullwidth non-hundred-percent-height-scrolling\" style=\"--awb-border-radius-top-left:0px;--awb-border-radius-top-right:0px;--awb-border-radius-bottom-right:0px;--awb-border-radius-bottom-left:0px;--awb-padding-top:65px;--awb-padding-bottom:65px;--awb-background-color:rgba(255,255,255,0);--awb-background-image:linear-gradient(90deg, var(--awb-color6) 0%,rgba(255,255,255,0) 100%),url(http:\/\/widem.eu\/wp-content\/uploads\/2024\/04\/20230817_Widem_163-1-scaled.jpg);;--awb-background-size:cover;--awb-flex-wrap:wrap;\" ><div class=\"fusion-builder-row fusion-row fusion-flex-align-items-flex-start fusion-flex-content-wrap\" style=\"max-width:1248px;margin-left: calc(-4% \/ 2 );margin-right: calc(-4% \/ 2 );\"><div class=\"fusion-layout-column fusion_builder_column fusion-builder-column-0 fusion_builder_column_2_5 2_5 fusion-flex-column\" style=\"--awb-bg-size:cover;--awb-width-large:40%;--awb-margin-top-large:0px;--awb-spacing-right-large:4.8%;--awb-margin-bottom-large:20px;--awb-spacing-left-large:4.8%;--awb-width-medium:40%;--awb-order-medium:0;--awb-spacing-right-medium:4.8%;--awb-spacing-left-medium:4.8%;--awb-width-small:100%;--awb-order-small:0;--awb-spacing-right-small:1.92%;--awb-spacing-left-small:1.92%;\"><div class=\"fusion-column-wrapper fusion-column-has-shadow fusion-flex-justify-content-flex-start fusion-content-layout-column\"><div class=\"fusion-title title fusion-title-1 fusion-sep-none fusion-title-text fusion-title-size-one\" style=\"--awb-text-color:var(--awb-color1);--awb-font-size:55px;\"><h1 class=\"fusion-title-heading title-heading-left\" style=\"margin:0;font-size:1em;\"><div><span style=\"font-family: Poppins;\">Presse<\/span><\/div><\/h1><\/div><\/div><\/div><\/div><\/div><div class=\"fusion-fullwidth fullwidth-box fusion-builder-row-2 fusion-flex-container has-pattern-background has-mask-background nonhundred-percent-fullwidth non-hundred-percent-height-scrolling\" style=\"--awb-border-radius-top-left:0px;--awb-border-radius-top-right:0px;--awb-border-radius-bottom-right:0px;--awb-border-radius-bottom-left:0px;--awb-padding-top:75px;--awb-padding-bottom:100px;--awb-flex-wrap:wrap;\" ><div class=\"fusion-builder-row fusion-row fusion-flex-align-items-flex-start fusion-flex-content-wrap\" style=\"max-width:1248px;margin-left: calc(-4% \/ 2 );margin-right: calc(-4% \/ 2 );\"><div class=\"fusion-layout-column fusion_builder_column fusion-builder-column-1 fusion_builder_column_1_1 1_1 fusion-flex-column\" style=\"--awb-bg-size:cover;--awb-width-large:100%;--awb-margin-top-large:0px;--awb-spacing-right-large:1.92%;--awb-margin-bottom-large:20px;--awb-spacing-left-large:1.92%;--awb-width-medium:100%;--awb-order-medium:0;--awb-spacing-right-medium:1.92%;--awb-spacing-left-medium:1.92%;--awb-width-small:100%;--awb-order-small:0;--awb-spacing-right-small:1.92%;--awb-spacing-left-small:1.92%;\"><div class=\"fusion-column-wrapper fusion-column-has-shadow fusion-flex-justify-content-flex-start fusion-content-layout-column\"><div class=\"fusion-post-cards fusion-post-cards-1 fusion-grid-archive fusion-grid-columns-4\" style=\"--awb-dots-align:center;--awb-active-filter-border-size:3px;--awb-filters-height:36px;\"><ul class=\"fusion-grid fusion-grid-4 fusion-flex-align-items-flex-start fusion-grid-posts-cards\"><li class=\"fusion-layout-column fusion_builder_column fusion-builder-column-2 fusion-flex-column fusion-animated post-card fusion-grid-column fusion-post-cards-grid-column\" style=\"--awb-padding-bottom:20px;--awb-padding-right-small:0px;--awb-padding-left-small:0px;--awb-overflow:hidden;--awb-bg-color:var(--awb-color4);--awb-bg-color-hover:var(--awb-color4);--awb-bg-size:cover;--awb-box-shadow:0px 0px 0px -100px rgba(20,22,23,0);;--awb-border-radius:15px 15px 45px 15px;\" data-animationType=\"fadeInUp\" data-animationDuration=\"1.8\" data-animationOffset=\"top-into-view\"><div class=\"fusion-column-wrapper fusion-column-has-shadow fusion-flex-justify-content-flex-start fusion-content-layout-row fusion-flex-align-items-stretch\"><div class=\"fusion-classic-product-image-wrapper fusion-woo-product-image fusion-post-card-image fusion-post-card-image-1 has-aspect-ratio\" data-layout=\"static\" style=\"--awb-margin-top:0px;--awb-margin-right:0px;--awb-margin-bottom:30px;--awb-margin-left:0px;--awb-border-radius-top-left:5px;--awb-border-radius-top-right:5px;--awb-border-radius-bottom-right:0px;--awb-border-radius-bottom-left:0px;--awb-aspect-ratio:1.6393442622951;\"><div  class=\"fusion-image-wrapper\" aria-haspopup=\"true\">\n\t\t\t\t\t\t\t<a href=\"https:\/\/www.widem.eu\/de\/blog\/widem-logistics-iefs-buendeln-ihre-kraefte-fuer-intelligentere-und-umweltfreundlichere-lieferungen-zwischen-belgien-und-paris\/\" aria-label=\"Widem Logistics &amp; IEFS b\u00fcndeln ihre Kr\u00e4fte &lt;span style=&quot;font-weight:200&quot;&gt;f\u00fcr intelligentere und umweltfreundlichere Lieferungen zwischen Belgien und Paris&lt;\/span&gt;\">\n\t\t\t\t\t\t\t<img decoding=\"async\" width=\"2560\" height=\"1429\" src=\"https:\/\/www.widem.eu\/wp-content\/uploads\/2026\/02\/Widem-samenwerking-met-Iefs-scaled.webp\" class=\"attachment-full size-full wp-post-image\" alt=\"\" srcset=\"https:\/\/www.widem.eu\/wp-content\/uploads\/2026\/02\/Widem-samenwerking-met-Iefs-200x112.webp 200w, https:\/\/www.widem.eu\/wp-content\/uploads\/2026\/02\/Widem-samenwerking-met-Iefs-300x167.webp 300w, https:\/\/www.widem.eu\/wp-content\/uploads\/2026\/02\/Widem-samenwerking-met-Iefs-400x223.webp 400w, https:\/\/www.widem.eu\/wp-content\/uploads\/2026\/02\/Widem-samenwerking-met-Iefs-600x335.webp 600w, https:\/\/www.widem.eu\/wp-content\/uploads\/2026\/02\/Widem-samenwerking-met-Iefs-768x429.webp 768w, https:\/\/www.widem.eu\/wp-content\/uploads\/2026\/02\/Widem-samenwerking-met-Iefs-800x447.webp 800w, https:\/\/www.widem.eu\/wp-content\/uploads\/2026\/02\/Widem-samenwerking-met-Iefs-1024x572.webp 1024w, https:\/\/www.widem.eu\/wp-content\/uploads\/2026\/02\/Widem-samenwerking-met-Iefs-1200x670.webp 1200w, https:\/\/www.widem.eu\/wp-content\/uploads\/2026\/02\/Widem-samenwerking-met-Iefs-1536x857.webp 1536w, https:\/\/www.widem.eu\/wp-content\/uploads\/2026\/02\/Widem-samenwerking-met-Iefs-scaled.webp 2560w\" sizes=\"(min-width: 2200px) 100vw, (min-width: 856px) 270px, (min-width: 784px) 360px, (min-width: 712px) 540px, (min-width: 640px) 712px, \" \/>\t\t\t<\/a>\n\t\t\t\t\t\t\t<\/div>\n<\/div><div class=\"fusion-title title fusion-title-2 fusion-sep-none fusion-title-center fusion-title-text fusion-title-size-three\" style=\"--awb-text-color:var(--awb-color1);--awb-margin-top:0px;--awb-margin-right:30px;--awb-margin-bottom:0px;--awb-margin-left:25px;--awb-margin-right-small:25px;--awb-margin-left-small:25px;--awb-font-size:14px;\"><h3 class=\"fusion-title-heading title-heading-center sm-text-align-left fusion-responsive-typography-calculated\" style=\"font-family:&quot;Poppins&quot;;font-style:normal;font-weight:200;margin:0;font-size:1em;letter-spacing:var(--awb-typography2-letter-spacing);text-transform:var(--awb-typography2-text-transform);--fontSize:14;--minFontSize:14;line-height:var(--awb-typography2-line-height);\">Presse<\/h3><\/div><div class=\"fusion-title title fusion-title-3 fusion-sep-none fusion-title-text fusion-title-size-three post-card-title\" style=\"--awb-text-color:#202020;--awb-margin-right:25px;--awb-margin-left:25px;--awb-margin-right-small:25px;--awb-margin-left-small:25px;--awb-link-hover-color:var(--awb-color1);--awb-font-size:20px;\"><h3 class=\"fusion-title-heading title-heading-left\" style=\"margin:0;font-size:1em;\"><a href=\"https:\/\/www.widem.eu\/de\/blog\/widem-logistics-iefs-buendeln-ihre-kraefte-fuer-intelligentere-und-umweltfreundlichere-lieferungen-zwischen-belgien-und-paris\/\" class=\"awb-custom-text-color awb-custom-text-hover-color\" target=\"_self\">Widem Logistics &amp; IEFS b\u00fcndeln ihre Kr\u00e4fte <span style=\"font-weight:200\">f\u00fcr intelligentere und umweltfreundlichere Lieferungen zwischen Belgien und Paris<\/span><\/a><\/h3><\/div><div class=\"sm-text-align-left\" style=\"text-align:center;\"><a class=\"fusion-button button-flat button-small button-custom fusion-button-default button-1 fusion-button-default-span fusion-button-default-type\" style=\"--button_accent_color:var(--awb-color4);--button_border_color:var(--awb-color6);--button_accent_hover_color:var(--awb-color6);--button_border_hover_color:var(--awb-color1);--button_gradient_top_color:var(--awb-color5);--button_gradient_bottom_color:var(--awb-color5);--button_gradient_top_color_hover:var(--awb-color5);--button_gradient_bottom_color_hover:var(--awb-color5);--button_margin-top:-10px;--button_margin-right:15px;--button_margin-bottom:5px;--button_margin-left:15px;\" target=\"_self\" href=\"https:\/\/www.widem.eu\/de\/blog\/widem-logistics-iefs-buendeln-ihre-kraefte-fuer-intelligentere-und-umweltfreundlichere-lieferungen-zwischen-belgien-und-paris\/\"><i class=\"fa-angle-right fas awb-button__icon awb-button__icon--default button-icon-left\" aria-hidden=\"true\"><\/i><span class=\"fusion-button-text awb-button__text awb-button__text--default\">Mehr lesen <\/span><\/a><\/div><\/div><\/li>\n<li class=\"fusion-layout-column fusion_builder_column fusion-builder-column-3 fusion-flex-column fusion-animated post-card fusion-grid-column fusion-post-cards-grid-column\" style=\"--awb-padding-bottom:20px;--awb-padding-right-small:0px;--awb-padding-left-small:0px;--awb-overflow:hidden;--awb-bg-color:var(--awb-color4);--awb-bg-color-hover:var(--awb-color4);--awb-bg-size:cover;--awb-box-shadow:0px 0px 0px -100px rgba(20,22,23,0);;--awb-border-radius:15px 15px 45px 15px;\" data-animationType=\"fadeInUp\" data-animationDuration=\"1.8\" data-animationOffset=\"top-into-view\"><div class=\"fusion-column-wrapper fusion-column-has-shadow fusion-flex-justify-content-flex-start fusion-content-layout-row fusion-flex-align-items-stretch\"><div class=\"fusion-classic-product-image-wrapper fusion-woo-product-image fusion-post-card-image fusion-post-card-image-1 has-aspect-ratio\" data-layout=\"static\" style=\"--awb-margin-top:0px;--awb-margin-right:0px;--awb-margin-bottom:30px;--awb-margin-left:0px;--awb-border-radius-top-left:5px;--awb-border-radius-top-right:5px;--awb-border-radius-bottom-right:0px;--awb-border-radius-bottom-left:0px;--awb-aspect-ratio:1.6393442622951;\"><div  class=\"fusion-image-wrapper\" aria-haspopup=\"true\">\n\t\t\t\t\t\t\t<a href=\"https:\/\/www.widem.eu\/de\/blog\/widem-logistics-gewinnt-den-prestigetraechtigen-trends-gazelle-award\/\" aria-label=\"Widem Logistics gewinnt den prestigetr\u00e4chtigen Trends Gazelle Award!\">\n\t\t\t\t\t\t\t<img decoding=\"async\" width=\"2048\" height=\"1365\" src=\"https:\/\/www.widem.eu\/wp-content\/uploads\/2025\/05\/Widem-Logistics-Gazelle-award-1.webp\" class=\"attachment-full size-full wp-post-image\" alt=\"\" srcset=\"https:\/\/www.widem.eu\/wp-content\/uploads\/2025\/05\/Widem-Logistics-Gazelle-award-1-200x133.webp 200w, https:\/\/www.widem.eu\/wp-content\/uploads\/2025\/05\/Widem-Logistics-Gazelle-award-1-300x200.webp 300w, https:\/\/www.widem.eu\/wp-content\/uploads\/2025\/05\/Widem-Logistics-Gazelle-award-1-400x267.webp 400w, https:\/\/www.widem.eu\/wp-content\/uploads\/2025\/05\/Widem-Logistics-Gazelle-award-1-600x400.webp 600w, https:\/\/www.widem.eu\/wp-content\/uploads\/2025\/05\/Widem-Logistics-Gazelle-award-1-768x512.webp 768w, https:\/\/www.widem.eu\/wp-content\/uploads\/2025\/05\/Widem-Logistics-Gazelle-award-1-800x533.webp 800w, https:\/\/www.widem.eu\/wp-content\/uploads\/2025\/05\/Widem-Logistics-Gazelle-award-1-1024x683.webp 1024w, https:\/\/www.widem.eu\/wp-content\/uploads\/2025\/05\/Widem-Logistics-Gazelle-award-1-1200x800.webp 1200w, https:\/\/www.widem.eu\/wp-content\/uploads\/2025\/05\/Widem-Logistics-Gazelle-award-1-1536x1024.webp 1536w, https:\/\/www.widem.eu\/wp-content\/uploads\/2025\/05\/Widem-Logistics-Gazelle-award-1.webp 2048w\" sizes=\"(min-width: 2200px) 100vw, (min-width: 856px) 270px, (min-width: 784px) 360px, (min-width: 712px) 540px, (min-width: 640px) 712px, \" \/>\t\t\t<\/a>\n\t\t\t\t\t\t\t<\/div>\n<\/div><div class=\"fusion-title title fusion-title-4 fusion-sep-none fusion-title-center fusion-title-text fusion-title-size-three\" style=\"--awb-text-color:var(--awb-color1);--awb-margin-top:0px;--awb-margin-right:30px;--awb-margin-bottom:0px;--awb-margin-left:25px;--awb-margin-right-small:25px;--awb-margin-left-small:25px;--awb-font-size:14px;\"><h3 class=\"fusion-title-heading title-heading-center sm-text-align-left fusion-responsive-typography-calculated\" style=\"font-family:&quot;Poppins&quot;;font-style:normal;font-weight:200;margin:0;font-size:1em;letter-spacing:var(--awb-typography2-letter-spacing);text-transform:var(--awb-typography2-text-transform);--fontSize:14;--minFontSize:14;line-height:var(--awb-typography2-line-height);\">Presse<\/h3><\/div><div class=\"fusion-title title fusion-title-5 fusion-sep-none fusion-title-text fusion-title-size-three post-card-title\" style=\"--awb-text-color:#202020;--awb-margin-right:25px;--awb-margin-left:25px;--awb-margin-right-small:25px;--awb-margin-left-small:25px;--awb-link-hover-color:var(--awb-color1);--awb-font-size:20px;\"><h3 class=\"fusion-title-heading title-heading-left\" style=\"margin:0;font-size:1em;\"><a href=\"https:\/\/www.widem.eu\/de\/blog\/widem-logistics-gewinnt-den-prestigetraechtigen-trends-gazelle-award\/\" class=\"awb-custom-text-color awb-custom-text-hover-color\" target=\"_self\">Widem Logistics gewinnt den prestigetr\u00e4chtigen Trends Gazelle Award!<\/a><\/h3><\/div><div class=\"sm-text-align-left\" style=\"text-align:center;\"><a class=\"fusion-button button-flat button-small button-custom fusion-button-default button-2 fusion-button-default-span fusion-button-default-type\" style=\"--button_accent_color:var(--awb-color4);--button_border_color:var(--awb-color6);--button_accent_hover_color:var(--awb-color6);--button_border_hover_color:var(--awb-color1);--button_gradient_top_color:var(--awb-color5);--button_gradient_bottom_color:var(--awb-color5);--button_gradient_top_color_hover:var(--awb-color5);--button_gradient_bottom_color_hover:var(--awb-color5);--button_margin-top:-10px;--button_margin-right:15px;--button_margin-bottom:5px;--button_margin-left:15px;\" target=\"_self\" href=\"https:\/\/www.widem.eu\/de\/blog\/widem-logistics-gewinnt-den-prestigetraechtigen-trends-gazelle-award\/\"><i class=\"fa-angle-right fas awb-button__icon awb-button__icon--default button-icon-left\" aria-hidden=\"true\"><\/i><span class=\"fusion-button-text awb-button__text awb-button__text--default\">Mehr lesen <\/span><\/a><\/div><\/div><\/li>\n<li class=\"fusion-layout-column fusion_builder_column fusion-builder-column-4 fusion-flex-column fusion-animated post-card fusion-grid-column fusion-post-cards-grid-column\" style=\"--awb-padding-bottom:20px;--awb-padding-right-small:0px;--awb-padding-left-small:0px;--awb-overflow:hidden;--awb-bg-color:var(--awb-color4);--awb-bg-color-hover:var(--awb-color4);--awb-bg-size:cover;--awb-box-shadow:0px 0px 0px -100px rgba(20,22,23,0);;--awb-border-radius:15px 15px 45px 15px;\" data-animationType=\"fadeInUp\" data-animationDuration=\"1.8\" data-animationOffset=\"top-into-view\"><div class=\"fusion-column-wrapper fusion-column-has-shadow fusion-flex-justify-content-flex-start fusion-content-layout-row fusion-flex-align-items-stretch\"><div class=\"fusion-classic-product-image-wrapper fusion-woo-product-image fusion-post-card-image fusion-post-card-image-1 has-aspect-ratio\" data-layout=\"static\" style=\"--awb-margin-top:0px;--awb-margin-right:0px;--awb-margin-bottom:30px;--awb-margin-left:0px;--awb-border-radius-top-left:5px;--awb-border-radius-top-right:5px;--awb-border-radius-bottom-right:0px;--awb-border-radius-bottom-left:0px;--awb-aspect-ratio:1.6393442622951;\"><div  class=\"fusion-image-wrapper\" aria-haspopup=\"true\">\n\t\t\t\t\t\t\t<a href=\"https:\/\/www.widem.eu\/de\/blog\/40-jahre-widem-logistics-ein-persoenlicher-ansatz-als-roter-faden\/\" aria-label=\"40 Jahre Widem Logistics: ein pers\u00f6nlicher Ansatz als roter Faden\">\n\t\t\t\t\t\t\t<img decoding=\"async\" width=\"800\" height=\"600\" src=\"https:\/\/www.widem.eu\/wp-content\/uploads\/2024\/12\/profielfotos_V2.jpg\" class=\"attachment-full size-full wp-post-image\" alt=\"\" srcset=\"https:\/\/www.widem.eu\/wp-content\/uploads\/2024\/12\/profielfotos_V2-200x150.jpg 200w, https:\/\/www.widem.eu\/wp-content\/uploads\/2024\/12\/profielfotos_V2-400x300.jpg 400w, https:\/\/www.widem.eu\/wp-content\/uploads\/2024\/12\/profielfotos_V2-600x450.jpg 600w, https:\/\/www.widem.eu\/wp-content\/uploads\/2024\/12\/profielfotos_V2.jpg 800w\" sizes=\"(min-width: 2200px) 100vw, (min-width: 856px) 270px, (min-width: 784px) 360px, (min-width: 712px) 540px, (min-width: 640px) 712px, \" \/>\t\t\t<\/a>\n\t\t\t\t\t\t\t<\/div>\n<\/div><div class=\"fusion-title title fusion-title-6 fusion-sep-none fusion-title-center fusion-title-text fusion-title-size-three\" style=\"--awb-text-color:var(--awb-color1);--awb-margin-top:0px;--awb-margin-right:30px;--awb-margin-bottom:0px;--awb-margin-left:25px;--awb-margin-right-small:25px;--awb-margin-left-small:25px;--awb-font-size:14px;\"><h3 class=\"fusion-title-heading title-heading-center sm-text-align-left fusion-responsive-typography-calculated\" style=\"font-family:&quot;Poppins&quot;;font-style:normal;font-weight:200;margin:0;font-size:1em;letter-spacing:var(--awb-typography2-letter-spacing);text-transform:var(--awb-typography2-text-transform);--fontSize:14;--minFontSize:14;line-height:var(--awb-typography2-line-height);\">Interview,Presse<\/h3><\/div><div class=\"fusion-title title fusion-title-7 fusion-sep-none fusion-title-text fusion-title-size-three post-card-title\" style=\"--awb-text-color:#202020;--awb-margin-right:25px;--awb-margin-left:25px;--awb-margin-right-small:25px;--awb-margin-left-small:25px;--awb-link-hover-color:var(--awb-color1);--awb-font-size:20px;\"><h3 class=\"fusion-title-heading title-heading-left\" style=\"margin:0;font-size:1em;\"><a href=\"https:\/\/www.widem.eu\/de\/blog\/40-jahre-widem-logistics-ein-persoenlicher-ansatz-als-roter-faden\/\" class=\"awb-custom-text-color awb-custom-text-hover-color\" target=\"_self\">40 Jahre Widem Logistics: ein pers\u00f6nlicher Ansatz als roter Faden<\/a><\/h3><\/div><div class=\"sm-text-align-left\" style=\"text-align:center;\"><a class=\"fusion-button button-flat button-small button-custom fusion-button-default button-3 fusion-button-default-span fusion-button-default-type\" style=\"--button_accent_color:var(--awb-color4);--button_border_color:var(--awb-color6);--button_accent_hover_color:var(--awb-color6);--button_border_hover_color:var(--awb-color1);--button_gradient_top_color:var(--awb-color5);--button_gradient_bottom_color:var(--awb-color5);--button_gradient_top_color_hover:var(--awb-color5);--button_gradient_bottom_color_hover:var(--awb-color5);--button_margin-top:-10px;--button_margin-right:15px;--button_margin-bottom:5px;--button_margin-left:15px;\" target=\"_self\" href=\"https:\/\/www.widem.eu\/de\/blog\/40-jahre-widem-logistics-ein-persoenlicher-ansatz-als-roter-faden\/\"><i class=\"fa-angle-right fas awb-button__icon awb-button__icon--default button-icon-left\" aria-hidden=\"true\"><\/i><span class=\"fusion-button-text awb-button__text awb-button__text--default\">Mehr lesen <\/span><\/a><\/div><\/div><\/li>\n<li class=\"fusion-layout-column fusion_builder_column fusion-builder-column-5 fusion-flex-column fusion-animated post-card fusion-grid-column fusion-post-cards-grid-column\" style=\"--awb-padding-bottom:20px;--awb-padding-right-small:0px;--awb-padding-left-small:0px;--awb-overflow:hidden;--awb-bg-color:var(--awb-color4);--awb-bg-color-hover:var(--awb-color4);--awb-bg-size:cover;--awb-box-shadow:0px 0px 0px -100px rgba(20,22,23,0);;--awb-border-radius:15px 15px 45px 15px;\" data-animationType=\"fadeInUp\" data-animationDuration=\"1.8\" data-animationOffset=\"top-into-view\"><div class=\"fusion-column-wrapper fusion-column-has-shadow fusion-flex-justify-content-flex-start fusion-content-layout-row fusion-flex-align-items-stretch\"><div class=\"fusion-classic-product-image-wrapper fusion-woo-product-image fusion-post-card-image fusion-post-card-image-1 has-aspect-ratio\" data-layout=\"static\" style=\"--awb-margin-top:0px;--awb-margin-right:0px;--awb-margin-bottom:30px;--awb-margin-left:0px;--awb-border-radius-top-left:5px;--awb-border-radius-top-right:5px;--awb-border-radius-bottom-right:0px;--awb-border-radius-bottom-left:0px;--awb-aspect-ratio:1.6393442622951;\"><div  class=\"fusion-image-wrapper\" aria-haspopup=\"true\">\n\t\t\t\t\t\t\t<a href=\"https:\/\/www.widem.eu\/de\/blog\/widem-erweitert-flotte-mit-45-neuen-kofferanhaengern\/\" aria-label=\"Widem erweitert Flotte mit 45 neuen Kofferanh\u00e4ngern\">\n\t\t\t\t\t\t\t<img decoding=\"async\" width=\"1280\" height=\"960\" src=\"https:\/\/www.widem.eu\/wp-content\/uploads\/2024\/08\/Widem-breidt-vloot-uit-met-20-nieuwe-boxtrailers.jpg\" class=\"attachment-full size-full wp-post-image\" alt=\"\" srcset=\"https:\/\/www.widem.eu\/wp-content\/uploads\/2024\/08\/Widem-breidt-vloot-uit-met-20-nieuwe-boxtrailers-200x150.jpg 200w, https:\/\/www.widem.eu\/wp-content\/uploads\/2024\/08\/Widem-breidt-vloot-uit-met-20-nieuwe-boxtrailers-400x300.jpg 400w, https:\/\/www.widem.eu\/wp-content\/uploads\/2024\/08\/Widem-breidt-vloot-uit-met-20-nieuwe-boxtrailers-600x450.jpg 600w, https:\/\/www.widem.eu\/wp-content\/uploads\/2024\/08\/Widem-breidt-vloot-uit-met-20-nieuwe-boxtrailers-800x600.jpg 800w, https:\/\/www.widem.eu\/wp-content\/uploads\/2024\/08\/Widem-breidt-vloot-uit-met-20-nieuwe-boxtrailers-1200x900.jpg 1200w, https:\/\/www.widem.eu\/wp-content\/uploads\/2024\/08\/Widem-breidt-vloot-uit-met-20-nieuwe-boxtrailers.jpg 1280w\" sizes=\"(min-width: 2200px) 100vw, (min-width: 856px) 270px, (min-width: 784px) 360px, (min-width: 712px) 540px, (min-width: 640px) 712px, \" \/>\t\t\t<\/a>\n\t\t\t\t\t\t\t<\/div>\n<\/div><div class=\"fusion-title title fusion-title-8 fusion-sep-none fusion-title-center fusion-title-text fusion-title-size-three\" style=\"--awb-text-color:var(--awb-color1);--awb-margin-top:0px;--awb-margin-right:30px;--awb-margin-bottom:0px;--awb-margin-left:25px;--awb-margin-right-small:25px;--awb-margin-left-small:25px;--awb-font-size:14px;\"><h3 class=\"fusion-title-heading title-heading-center sm-text-align-left fusion-responsive-typography-calculated\" style=\"font-family:&quot;Poppins&quot;;font-style:normal;font-weight:200;margin:0;font-size:1em;letter-spacing:var(--awb-typography2-letter-spacing);text-transform:var(--awb-typography2-text-transform);--fontSize:14;--minFontSize:14;line-height:var(--awb-typography2-line-height);\">Presse<\/h3><\/div><div class=\"fusion-title title fusion-title-9 fusion-sep-none fusion-title-text fusion-title-size-three post-card-title\" style=\"--awb-text-color:#202020;--awb-margin-right:25px;--awb-margin-left:25px;--awb-margin-right-small:25px;--awb-margin-left-small:25px;--awb-link-hover-color:var(--awb-color1);--awb-font-size:20px;\"><h3 class=\"fusion-title-heading title-heading-left\" style=\"margin:0;font-size:1em;\"><a href=\"https:\/\/www.widem.eu\/de\/blog\/widem-erweitert-flotte-mit-45-neuen-kofferanhaengern\/\" class=\"awb-custom-text-color awb-custom-text-hover-color\" target=\"_self\">Widem erweitert Flotte mit 45 neuen Kofferanh\u00e4ngern<\/a><\/h3><\/div><div class=\"sm-text-align-left\" style=\"text-align:center;\"><a class=\"fusion-button button-flat button-small button-custom fusion-button-default button-4 fusion-button-default-span fusion-button-default-type\" style=\"--button_accent_color:var(--awb-color4);--button_border_color:var(--awb-color6);--button_accent_hover_color:var(--awb-color6);--button_border_hover_color:var(--awb-color1);--button_gradient_top_color:var(--awb-color5);--button_gradient_bottom_color:var(--awb-color5);--button_gradient_top_color_hover:var(--awb-color5);--button_gradient_bottom_color_hover:var(--awb-color5);--button_margin-top:-10px;--button_margin-right:15px;--button_margin-bottom:5px;--button_margin-left:15px;\" target=\"_self\" href=\"https:\/\/www.widem.eu\/de\/blog\/widem-erweitert-flotte-mit-45-neuen-kofferanhaengern\/\"><i class=\"fa-angle-right fas awb-button__icon awb-button__icon--default button-icon-left\" aria-hidden=\"true\"><\/i><span class=\"fusion-button-text awb-button__text awb-button__text--default\">Mehr lesen <\/span><\/a><\/div><\/div><\/li>\n<li class=\"fusion-layout-column fusion_builder_column fusion-builder-column-6 fusion-flex-column fusion-animated post-card fusion-grid-column fusion-post-cards-grid-column\" style=\"--awb-padding-bottom:20px;--awb-padding-right-small:0px;--awb-padding-left-small:0px;--awb-overflow:hidden;--awb-bg-color:var(--awb-color4);--awb-bg-color-hover:var(--awb-color4);--awb-bg-size:cover;--awb-box-shadow:0px 0px 0px -100px rgba(20,22,23,0);;--awb-border-radius:15px 15px 45px 15px;\" data-animationType=\"fadeInUp\" data-animationDuration=\"1.8\" data-animationOffset=\"top-into-view\"><div class=\"fusion-column-wrapper fusion-column-has-shadow fusion-flex-justify-content-flex-start fusion-content-layout-row fusion-flex-align-items-stretch\"><div class=\"fusion-classic-product-image-wrapper fusion-woo-product-image fusion-post-card-image fusion-post-card-image-1 has-aspect-ratio\" data-layout=\"static\" style=\"--awb-margin-top:0px;--awb-margin-right:0px;--awb-margin-bottom:30px;--awb-margin-left:0px;--awb-border-radius-top-left:5px;--awb-border-radius-top-right:5px;--awb-border-radius-bottom-right:0px;--awb-border-radius-bottom-left:0px;--awb-aspect-ratio:1.6393442622951;\"><div  class=\"fusion-image-wrapper\" aria-haspopup=\"true\">\n\t\t\t\t\t\t\t<a href=\"https:\/\/www.widem.eu\/de\/blog\/widem-unterstuetzt-das-festivalerlebnis-der-zukunft\/\" aria-label=\"Widem unterst\u00fctzt das Festivalerlebnis der Zukunft\">\n\t\t\t\t\t\t\t<img decoding=\"async\" width=\"1920\" height=\"742\" src=\"https:\/\/www.widem.eu\/wp-content\/uploads\/2024\/08\/banner_alcatraz.jpg\" class=\"attachment-full size-full wp-post-image\" alt=\"\" srcset=\"https:\/\/www.widem.eu\/wp-content\/uploads\/2024\/08\/banner_alcatraz-200x77.jpg 200w, https:\/\/www.widem.eu\/wp-content\/uploads\/2024\/08\/banner_alcatraz-400x155.jpg 400w, https:\/\/www.widem.eu\/wp-content\/uploads\/2024\/08\/banner_alcatraz-600x232.jpg 600w, https:\/\/www.widem.eu\/wp-content\/uploads\/2024\/08\/banner_alcatraz-800x309.jpg 800w, https:\/\/www.widem.eu\/wp-content\/uploads\/2024\/08\/banner_alcatraz-1200x464.jpg 1200w, https:\/\/www.widem.eu\/wp-content\/uploads\/2024\/08\/banner_alcatraz.jpg 1920w\" sizes=\"(min-width: 2200px) 100vw, (min-width: 856px) 270px, (min-width: 784px) 360px, (min-width: 712px) 540px, (min-width: 640px) 712px, \" \/>\t\t\t<\/a>\n\t\t\t\t\t\t\t<\/div>\n<\/div><div class=\"fusion-title title fusion-title-10 fusion-sep-none fusion-title-center fusion-title-text fusion-title-size-three\" style=\"--awb-text-color:var(--awb-color1);--awb-margin-top:0px;--awb-margin-right:30px;--awb-margin-bottom:0px;--awb-margin-left:25px;--awb-margin-right-small:25px;--awb-margin-left-small:25px;--awb-font-size:14px;\"><h3 class=\"fusion-title-heading title-heading-center sm-text-align-left fusion-responsive-typography-calculated\" style=\"font-family:&quot;Poppins&quot;;font-style:normal;font-weight:200;margin:0;font-size:1em;letter-spacing:var(--awb-typography2-letter-spacing);text-transform:var(--awb-typography2-text-transform);--fontSize:14;--minFontSize:14;line-height:var(--awb-typography2-line-height);\">Presse<\/h3><\/div><div class=\"fusion-title title fusion-title-11 fusion-sep-none fusion-title-text fusion-title-size-three post-card-title\" style=\"--awb-text-color:#202020;--awb-margin-right:25px;--awb-margin-left:25px;--awb-margin-right-small:25px;--awb-margin-left-small:25px;--awb-link-hover-color:var(--awb-color1);--awb-font-size:20px;\"><h3 class=\"fusion-title-heading title-heading-left\" style=\"margin:0;font-size:1em;\"><a href=\"https:\/\/www.widem.eu\/de\/blog\/widem-unterstuetzt-das-festivalerlebnis-der-zukunft\/\" class=\"awb-custom-text-color awb-custom-text-hover-color\" target=\"_self\">Widem unterst\u00fctzt das Festivalerlebnis der Zukunft<\/a><\/h3><\/div><div class=\"sm-text-align-left\" style=\"text-align:center;\"><a class=\"fusion-button button-flat button-small button-custom fusion-button-default button-5 fusion-button-default-span fusion-button-default-type\" style=\"--button_accent_color:var(--awb-color4);--button_border_color:var(--awb-color6);--button_accent_hover_color:var(--awb-color6);--button_border_hover_color:var(--awb-color1);--button_gradient_top_color:var(--awb-color5);--button_gradient_bottom_color:var(--awb-color5);--button_gradient_top_color_hover:var(--awb-color5);--button_gradient_bottom_color_hover:var(--awb-color5);--button_margin-top:-10px;--button_margin-right:15px;--button_margin-bottom:5px;--button_margin-left:15px;\" target=\"_self\" href=\"https:\/\/www.widem.eu\/de\/blog\/widem-unterstuetzt-das-festivalerlebnis-der-zukunft\/\"><i class=\"fa-angle-right fas awb-button__icon awb-button__icon--default button-icon-left\" aria-hidden=\"true\"><\/i><span class=\"fusion-button-text awb-button__text awb-button__text--default\">Mehr lesen <\/span><\/a><\/div><\/div><\/li>\n<li class=\"fusion-layout-column fusion_builder_column fusion-builder-column-7 fusion-flex-column fusion-animated post-card fusion-grid-column fusion-post-cards-grid-column\" style=\"--awb-padding-bottom:20px;--awb-padding-right-small:0px;--awb-padding-left-small:0px;--awb-overflow:hidden;--awb-bg-color:var(--awb-color4);--awb-bg-color-hover:var(--awb-color4);--awb-bg-size:cover;--awb-box-shadow:0px 0px 0px -100px rgba(20,22,23,0);;--awb-border-radius:15px 15px 45px 15px;\" data-animationType=\"fadeInUp\" data-animationDuration=\"1.8\" data-animationOffset=\"top-into-view\"><div class=\"fusion-column-wrapper fusion-column-has-shadow fusion-flex-justify-content-flex-start fusion-content-layout-row fusion-flex-align-items-stretch\"><div class=\"fusion-classic-product-image-wrapper fusion-woo-product-image fusion-post-card-image fusion-post-card-image-1 has-aspect-ratio\" data-layout=\"static\" style=\"--awb-margin-top:0px;--awb-margin-right:0px;--awb-margin-bottom:30px;--awb-margin-left:0px;--awb-border-radius-top-left:5px;--awb-border-radius-top-right:5px;--awb-border-radius-bottom-right:0px;--awb-border-radius-bottom-left:0px;--awb-aspect-ratio:1.6393442622951;\"><div  class=\"fusion-image-wrapper\" aria-haspopup=\"true\">\n\t\t\t\t\t\t\t<a href=\"https:\/\/www.widem.eu\/de\/blog\/widem-logistics-eroeffnet-neues-fulfillment-center-in-bologna-italien\/\" aria-label=\"Widem Logistics er\u00f6ffnet neues Fulfillment-Center in Bologna, Italien\">\n\t\t\t\t\t\t\t<img decoding=\"async\" width=\"2048\" height=\"1152\" src=\"https:\/\/www.widem.eu\/wp-content\/uploads\/2024\/05\/Widem-Bologna.jpg\" class=\"attachment-full size-full wp-post-image\" alt=\"Building Bologna Cal\" srcset=\"https:\/\/www.widem.eu\/wp-content\/uploads\/2024\/05\/Widem-Bologna-200x113.jpg 200w, https:\/\/www.widem.eu\/wp-content\/uploads\/2024\/05\/Widem-Bologna-400x225.jpg 400w, https:\/\/www.widem.eu\/wp-content\/uploads\/2024\/05\/Widem-Bologna-600x338.jpg 600w, https:\/\/www.widem.eu\/wp-content\/uploads\/2024\/05\/Widem-Bologna-800x450.jpg 800w, https:\/\/www.widem.eu\/wp-content\/uploads\/2024\/05\/Widem-Bologna-1200x675.jpg 1200w, https:\/\/www.widem.eu\/wp-content\/uploads\/2024\/05\/Widem-Bologna.jpg 2048w\" sizes=\"(min-width: 2200px) 100vw, (min-width: 856px) 270px, (min-width: 784px) 360px, (min-width: 712px) 540px, (min-width: 640px) 712px, \" \/>\t\t\t<\/a>\n\t\t\t\t\t\t\t<\/div>\n<\/div><div class=\"fusion-title title fusion-title-12 fusion-sep-none fusion-title-center fusion-title-text fusion-title-size-three\" style=\"--awb-text-color:var(--awb-color1);--awb-margin-top:0px;--awb-margin-right:30px;--awb-margin-bottom:0px;--awb-margin-left:25px;--awb-margin-right-small:25px;--awb-margin-left-small:25px;--awb-font-size:14px;\"><h3 class=\"fusion-title-heading title-heading-center sm-text-align-left fusion-responsive-typography-calculated\" style=\"font-family:&quot;Poppins&quot;;font-style:normal;font-weight:200;margin:0;font-size:1em;letter-spacing:var(--awb-typography2-letter-spacing);text-transform:var(--awb-typography2-text-transform);--fontSize:14;--minFontSize:14;line-height:var(--awb-typography2-line-height);\">Presse<\/h3><\/div><div class=\"fusion-title title fusion-title-13 fusion-sep-none fusion-title-text fusion-title-size-three post-card-title\" style=\"--awb-text-color:#202020;--awb-margin-right:25px;--awb-margin-left:25px;--awb-margin-right-small:25px;--awb-margin-left-small:25px;--awb-link-hover-color:var(--awb-color1);--awb-font-size:20px;\"><h3 class=\"fusion-title-heading title-heading-left\" style=\"margin:0;font-size:1em;\"><a href=\"https:\/\/www.widem.eu\/de\/blog\/widem-logistics-eroeffnet-neues-fulfillment-center-in-bologna-italien\/\" class=\"awb-custom-text-color awb-custom-text-hover-color\" target=\"_self\">Widem Logistics er\u00f6ffnet neues Fulfillment-Center in Bologna, Italien<\/a><\/h3><\/div><div class=\"sm-text-align-left\" style=\"text-align:center;\"><a class=\"fusion-button button-flat button-small button-custom fusion-button-default button-6 fusion-button-default-span fusion-button-default-type\" style=\"--button_accent_color:var(--awb-color4);--button_border_color:var(--awb-color6);--button_accent_hover_color:var(--awb-color6);--button_border_hover_color:var(--awb-color1);--button_gradient_top_color:var(--awb-color5);--button_gradient_bottom_color:var(--awb-color5);--button_gradient_top_color_hover:var(--awb-color5);--button_gradient_bottom_color_hover:var(--awb-color5);--button_margin-top:-10px;--button_margin-right:15px;--button_margin-bottom:5px;--button_margin-left:15px;\" target=\"_self\" href=\"https:\/\/www.widem.eu\/de\/blog\/widem-logistics-eroeffnet-neues-fulfillment-center-in-bologna-italien\/\"><i class=\"fa-angle-right fas awb-button__icon awb-button__icon--default button-icon-left\" aria-hidden=\"true\"><\/i><span class=\"fusion-button-text awb-button__text awb-button__text--default\">Mehr lesen <\/span><\/a><\/div><\/div><\/li>\n<\/ul><\/div><\/div><\/div><\/div><\/div><\/p>\n","protected":false},"excerpt":{"rendered":"","protected":false},"author":3,"featured_media":0,"parent":11372,"menu_order":0,"comment_status":"closed","ping_status":"closed","template":"100-width.php","meta":{"_acf_changed":false,"footnotes":""},"class_list":["post-11382","page","type-page","status-publish","hentry"],"acf":[],"_links":{"self":[{"href":"https:\/\/www.widem.eu\/de\/wp-json\/wp\/v2\/pages\/11382","targetHints":{"allow":["GET"]}}],"collection":[{"href":"https:\/\/www.widem.eu\/de\/wp-json\/wp\/v2\/pages"}],"about":[{"href":"https:\/\/www.widem.eu\/de\/wp-json\/wp\/v2\/types\/page"}],"author":[{"embeddable":true,"href":"https:\/\/www.widem.eu\/de\/wp-json\/wp\/v2\/users\/3"}],"replies":[{"embeddable":true,"href":"https:\/\/www.widem.eu\/de\/wp-json\/wp\/v2\/comments?post=11382"}],"version-history":[{"count":4,"href":"https:\/\/www.widem.eu\/de\/wp-json\/wp\/v2\/pages\/11382\/revisions"}],"predecessor-version":[{"id":11563,"href":"https:\/\/www.widem.eu\/de\/wp-json\/wp\/v2\/pages\/11382\/revisions\/11563"}],"up":[{"embeddable":true,"href":"https:\/\/www.widem.eu\/de\/wp-json\/wp\/v2\/pages\/11372"}],"wp:attachment":[{"href":"https:\/\/www.widem.eu\/de\/wp-json\/wp\/v2\/media?parent=11382"}],"curies":[{"name":"wp","href":"https:\/\/api.w.org\/{rel}","templated":true}]}}